{"id":10,"date":"2020-08-30T10:51:59","date_gmt":"2020-08-30T10:51:59","guid":{"rendered":"https:\/\/ursplangg.art\/?page_id=10"},"modified":"2022-02-02T17:52:31","modified_gmt":"2022-02-02T17:52:31","slug":"werke","status":"publish","type":"page","link":"https:\/\/ursplangg.art\/?page_id=10","title":{"rendered":"werke"},"content":{"rendered":"\n<p><strong>Mehr Werke finden sich im <a href=\"https:\/\/urs-plangg.kleio.com\/filter\/work\">Werkkatalog<\/a> auf Kleio.com<\/strong><\/p>\n\n\n\n<pre class=\"wp-block-verse\">\n\nBei dem von ihm als \u00abKunst\u00fcbung\u00bb, \u00abBilderweltforschung\u00bb oder \u00abbilderweltliches Erkennen\u00bb bezeichneten Weg handelt es sich um ein lebenslang angewandtes Konzept von \u00abKunst als Prozess und Forschung\u00bb. Planggs Werk sticht in \u00e4sthetischer Qualit\u00e4t und werkimmanenter Koh\u00e4renz heraus und ist unbestritten einer der wichtigsten Beitr\u00e4ge zum Schweizerischen Kunstschaffen der 1970er, 1980er und 1990er sowie 2000er Jahre.\n\nHier auf den Fotos ist das Atelier in Burgdorf (BE) zu sehen, das der K\u00fcnstler in den Jahren  2001 bis 2019 immer wieder bewohnte und als Schaffens- und Ausstellungsr\u00e4ume nutzte.<\/pre>\n\n\n\n<figure class=\"wp-block-image size-large\"><img fetchpriority=\"high\" decoding=\"async\" width=\"1024\" height=\"682\" src=\"https:\/\/ursplangg.art\/wp-content\/uploads\/2021\/07\/Barbara_Heritier_Urs_Plangg_Atelier_5524-1024x682.jpg\" alt=\"\" class=\"wp-image-124\" srcset=\"https:\/\/ursplangg.art\/wp-content\/uploads\/2021\/07\/Barbara_Heritier_Urs_Plangg_Atelier_5524-1024x682.jpg 1024w, https:\/\/ursplangg.art\/wp-content\/uploads\/2021\/07\/Barbara_Heritier_Urs_Plangg_Atelier_5524-300x200.jpg 300w, https:\/\/ursplangg.art\/wp-content\/uploads\/2021\/07\/Barbara_Heritier_Urs_Plangg_Atelier_5524-768x511.jpg 768w, https:\/\/ursplangg.art\/wp-content\/uploads\/2021\/07\/Barbara_Heritier_Urs_Plangg_Atelier_5524-1536x1022.jpg 1536w, https:\/\/ursplangg.art\/wp-content\/uploads\/2021\/07\/Barbara_Heritier_Urs_Plangg_Atelier_5524-2048x1363.jpg 2048w\" sizes=\"(max-width: 1024px) 100vw, 1024px\" \/><figcaption>Atelier Burgdorf, Sommer 2019, Foto: <a href=\"https:\/\/www.barbara-heritier.ch\" data-type=\"URL\" data-id=\"https:\/\/www.barbara-heritier.ch\">Barbara H\u00e9ritier<\/a><\/figcaption><\/figure>\n\n\n\n<figure class=\"wp-block-image size-large\"><img decoding=\"async\" width=\"1024\" height=\"682\" src=\"https:\/\/ursplangg.art\/wp-content\/uploads\/2021\/07\/Barbara_Heritier_Urs_Plangg_Atelier_5486-1024x682.jpg\" alt=\"\" class=\"wp-image-164\" srcset=\"https:\/\/ursplangg.art\/wp-content\/uploads\/2021\/07\/Barbara_Heritier_Urs_Plangg_Atelier_5486-1024x682.jpg 1024w, https:\/\/ursplangg.art\/wp-content\/uploads\/2021\/07\/Barbara_Heritier_Urs_Plangg_Atelier_5486-300x200.jpg 300w, https:\/\/ursplangg.art\/wp-content\/uploads\/2021\/07\/Barbara_Heritier_Urs_Plangg_Atelier_5486-768x511.jpg 768w, https:\/\/ursplangg.art\/wp-content\/uploads\/2021\/07\/Barbara_Heritier_Urs_Plangg_Atelier_5486-1536x1022.jpg 1536w, https:\/\/ursplangg.art\/wp-content\/uploads\/2021\/07\/Barbara_Heritier_Urs_Plangg_Atelier_5486-2048x1363.jpg 2048w\" sizes=\"(max-width: 1024px) 100vw, 1024px\" \/><figcaption>Atelier Burgdorf, Sommer 2019, Foto: <a href=\"https:\/\/www.barbara-heritier.ch\" data-type=\"URL\" data-id=\"https:\/\/www.barbara-heritier.ch\">Barbara H\u00e9ritier <\/a><\/figcaption><\/figure>\n\n\n\n<figure class=\"wp-block-image size-large\"><img decoding=\"async\" width=\"1422\" height=\"800\" src=\"https:\/\/ursplangg.art\/wp-content\/uploads\/2021\/10\/IMG-20191129-WA0013-edited.jpg\" alt=\"\" class=\"wp-image-220\" srcset=\"https:\/\/ursplangg.art\/wp-content\/uploads\/2021\/10\/IMG-20191129-WA0013-edited.jpg 1422w, https:\/\/ursplangg.art\/wp-content\/uploads\/2021\/10\/IMG-20191129-WA0013-edited-300x169.jpg 300w, https:\/\/ursplangg.art\/wp-content\/uploads\/2021\/10\/IMG-20191129-WA0013-edited-1024x576.jpg 1024w, https:\/\/ursplangg.art\/wp-content\/uploads\/2021\/10\/IMG-20191129-WA0013-edited-768x432.jpg 768w\" sizes=\"(max-width: 1422px) 100vw, 1422px\" \/><figcaption>Atelier Burgdorf, Sommer 2019, Foto: <a href=\"https:\/\/www.barbara-heritier.ch\" data-type=\"URL\" data-id=\"https:\/\/www.barbara-heritier.ch\">Barbara H\u00e9ritier <\/a><\/figcaption><\/figure>\n\n\n\n<figure class=\"wp-block-image size-large\"><img loading=\"lazy\" decoding=\"async\" width=\"1024\" height=\"682\" src=\"https:\/\/ursplangg.art\/wp-content\/uploads\/2021\/10\/Barbara_Heritier_Urs_Plangg_Atelier_5543-1024x682.jpg\" alt=\"\" class=\"wp-image-203\" srcset=\"https:\/\/ursplangg.art\/wp-content\/uploads\/2021\/10\/Barbara_Heritier_Urs_Plangg_Atelier_5543-1024x682.jpg 1024w, https:\/\/ursplangg.art\/wp-content\/uploads\/2021\/10\/Barbara_Heritier_Urs_Plangg_Atelier_5543-300x200.jpg 300w, https:\/\/ursplangg.art\/wp-content\/uploads\/2021\/10\/Barbara_Heritier_Urs_Plangg_Atelier_5543-768x511.jpg 768w, https:\/\/ursplangg.art\/wp-content\/uploads\/2021\/10\/Barbara_Heritier_Urs_Plangg_Atelier_5543-1536x1022.jpg 1536w, https:\/\/ursplangg.art\/wp-content\/uploads\/2021\/10\/Barbara_Heritier_Urs_Plangg_Atelier_5543-2048x1363.jpg 2048w\" sizes=\"(max-width: 1024px) 100vw, 1024px\" \/><figcaption>Atelier Burgdorf, Sommer 2019, Foto: <a href=\"https:\/\/www.barbara-heritier.ch\" data-type=\"URL\" data-id=\"https:\/\/www.barbara-heritier.ch\">Barbara H\u00e9ritier <\/a><\/figcaption><\/figure>\n","protected":false},"excerpt":{"rendered":"<p>Mehr Werke finden sich im Werkkatalog auf Kleio.com Bei dem von ihm als \u00abKunst\u00fcbung\u00bb, \u00abBilderweltforschung\u00bb oder \u00abbilderweltliches Erkennen\u00bb bezeichneten Weg handelt es sich um ein lebenslang angewandtes Konzept von \u00abKunst als Prozess und Forschung\u00bb. Planggs Werk sticht in \u00e4sthetischer Qualit\u00e4t und werkimmanenter Koh\u00e4renz heraus und ist unbestritten einer der wichtigsten Beitr\u00e4ge zum Schweizerischen Kunstschaffen der&hellip; <a class=\"more-link\" href=\"https:\/\/ursplangg.art\/?page_id=10\"><span class=\"screen-reader-text\">werke<\/span> weiterlesen<\/a><\/p>\n","protected":false},"author":3,"featured_media":0,"parent":0,"menu_order":2,"comment_status":"closed","ping_status":"closed","template":"","meta":{"footnotes":""},"class_list":["post-10","page","type-page","status-publish","hentry","entry"],"yoast_head":"<!-- This site is optimized with the Yoast SEO plugin v28.3 - https:\/\/yoast.com\/product\/yoast-seo-wordpress\/ -->\n<title>werke - urs plangg (1933-2019)<\/title>\n<meta name=\"robots\" content=\"index, follow, max-snippet:-1, max-image-preview:large, max-video-preview:-1\" \/>\n<link rel=\"canonical\" href=\"https:\/\/ursplangg.art\/?page_id=10\" \/>\n<meta property=\"og:locale\" content=\"de_DE\" \/>\n<meta property=\"og:type\" content=\"article\" \/>\n<meta property=\"og:title\" content=\"werke - urs plangg (1933-2019)\" \/>\n<meta property=\"og:description\" content=\"Mehr Werke finden sich im Werkkatalog auf Kleio.com Bei dem von ihm als \u00abKunst\u00fcbung\u00bb, \u00abBilderweltforschung\u00bb oder \u00abbilderweltliches Erkennen\u00bb bezeichneten Weg handelt es sich um ein lebenslang angewandtes Konzept von \u00abKunst als Prozess und Forschung\u00bb. Planggs Werk sticht in \u00e4sthetischer Qualit\u00e4t und werkimmanenter Koh\u00e4renz heraus und ist unbestritten einer der wichtigsten Beitr\u00e4ge zum Schweizerischen Kunstschaffen der&hellip; werke weiterlesen\" \/>\n<meta property=\"og:url\" content=\"https:\/\/ursplangg.art\/?page_id=10\" \/>\n<meta property=\"og:site_name\" content=\"urs plangg (1933-2019)\" \/>\n<meta property=\"article:modified_time\" content=\"2022-02-02T17:52:31+00:00\" \/>\n<meta property=\"og:image\" content=\"https:\/\/ursplangg.art\/wp-content\/uploads\/2021\/07\/Barbara_Heritier_Urs_Plangg_Atelier_5524-1024x682.jpg\" \/>\n<meta name=\"twitter:card\" content=\"summary_large_image\" \/>\n<meta name=\"twitter:label1\" content=\"Gesch\u00e4tzte Lesezeit\" \/>\n\t<meta name=\"twitter:data1\" content=\"1\u00a0Minute\" \/>\n<script type=\"application\/ld+json\" class=\"yoast-schema-graph\">{\"@context\":\"https:\\\/\\\/schema.org\",\"@graph\":[{\"@type\":\"WebPage\",\"@id\":\"https:\\\/\\\/ursplangg.art\\\/?page_id=10\",\"url\":\"https:\\\/\\\/ursplangg.art\\\/?page_id=10\",\"name\":\"werke - urs plangg (1933-2019)\",\"isPartOf\":{\"@id\":\"https:\\\/\\\/ursplangg.art\\\/#website\"},\"primaryImageOfPage\":{\"@id\":\"https:\\\/\\\/ursplangg.art\\\/?page_id=10#primaryimage\"},\"image\":{\"@id\":\"https:\\\/\\\/ursplangg.art\\\/?page_id=10#primaryimage\"},\"thumbnailUrl\":\"https:\\\/\\\/ursplangg.art\\\/wp-content\\\/uploads\\\/2021\\\/07\\\/Barbara_Heritier_Urs_Plangg_Atelier_5524-1024x682.jpg\",\"datePublished\":\"2020-08-30T10:51:59+00:00\",\"dateModified\":\"2022-02-02T17:52:31+00:00\",\"breadcrumb\":{\"@id\":\"https:\\\/\\\/ursplangg.art\\\/?page_id=10#breadcrumb\"},\"inLanguage\":\"de\",\"potentialAction\":[{\"@type\":\"ReadAction\",\"target\":[\"https:\\\/\\\/ursplangg.art\\\/?page_id=10\"]}]},{\"@type\":\"ImageObject\",\"inLanguage\":\"de\",\"@id\":\"https:\\\/\\\/ursplangg.art\\\/?page_id=10#primaryimage\",\"url\":\"https:\\\/\\\/ursplangg.art\\\/wp-content\\\/uploads\\\/2021\\\/07\\\/Barbara_Heritier_Urs_Plangg_Atelier_5524-1024x682.jpg\",\"contentUrl\":\"https:\\\/\\\/ursplangg.art\\\/wp-content\\\/uploads\\\/2021\\\/07\\\/Barbara_Heritier_Urs_Plangg_Atelier_5524-1024x682.jpg\"},{\"@type\":\"BreadcrumbList\",\"@id\":\"https:\\\/\\\/ursplangg.art\\\/?page_id=10#breadcrumb\",\"itemListElement\":[{\"@type\":\"ListItem\",\"position\":1,\"name\":\"Startseite\",\"item\":\"https:\\\/\\\/ursplangg.art\\\/\"},{\"@type\":\"ListItem\",\"position\":2,\"name\":\"werke\"}]},{\"@type\":\"WebSite\",\"@id\":\"https:\\\/\\\/ursplangg.art\\\/#website\",\"url\":\"https:\\\/\\\/ursplangg.art\\\/\",\"name\":\"urs plangg (1933-2019)\",\"description\":\"Urs Plangg Nachlass des Schweizer K\u00fcnstlers\",\"publisher\":{\"@id\":\"https:\\\/\\\/ursplangg.art\\\/#\\\/schema\\\/person\\\/396c51b470c6e9c7c81fff07aa526560\"},\"potentialAction\":[{\"@type\":\"SearchAction\",\"target\":{\"@type\":\"EntryPoint\",\"urlTemplate\":\"https:\\\/\\\/ursplangg.art\\\/?s={search_term_string}\"},\"query-input\":{\"@type\":\"PropertyValueSpecification\",\"valueRequired\":true,\"valueName\":\"search_term_string\"}}],\"inLanguage\":\"de\"},{\"@type\":[\"Person\",\"Organization\"],\"@id\":\"https:\\\/\\\/ursplangg.art\\\/#\\\/schema\\\/person\\\/396c51b470c6e9c7c81fff07aa526560\",\"name\":\"Carol Ribi\",\"image\":{\"@type\":\"ImageObject\",\"inLanguage\":\"de\",\"@id\":\"https:\\\/\\\/secure.gravatar.com\\\/avatar\\\/3a2bffd386e3cb1e1b800bf729fb52ad732c13858899cd9b4721800775d6516a?s=96&d=mm&r=g\",\"url\":\"https:\\\/\\\/secure.gravatar.com\\\/avatar\\\/3a2bffd386e3cb1e1b800bf729fb52ad732c13858899cd9b4721800775d6516a?s=96&d=mm&r=g\",\"contentUrl\":\"https:\\\/\\\/secure.gravatar.com\\\/avatar\\\/3a2bffd386e3cb1e1b800bf729fb52ad732c13858899cd9b4721800775d6516a?s=96&d=mm&r=g\",\"caption\":\"Carol Ribi\"},\"logo\":{\"@id\":\"https:\\\/\\\/secure.gravatar.com\\\/avatar\\\/3a2bffd386e3cb1e1b800bf729fb52ad732c13858899cd9b4721800775d6516a?s=96&d=mm&r=g\"},\"description\":\"Urs Plangg (1933-2019)\",\"sameAs\":[\"https:\\\/\\\/urs-plangg.kleio.com\\\/profile\",\"https:\\\/\\\/de.wikipedia.org\\\/wiki\\\/Urs_Plangg\"]}]}<\/script>\n<!-- \/ Yoast SEO plugin. -->","yoast_head_json":{"title":"werke - urs plangg (1933-2019)","robots":{"index":"index","follow":"follow","max-snippet":"max-snippet:-1","max-image-preview":"max-image-preview:large","max-video-preview":"max-video-preview:-1"},"canonical":"https:\/\/ursplangg.art\/?page_id=10","og_locale":"de_DE","og_type":"article","og_title":"werke - urs plangg (1933-2019)","og_description":"Mehr Werke finden sich im Werkkatalog auf Kleio.com Bei dem von ihm als \u00abKunst\u00fcbung\u00bb, \u00abBilderweltforschung\u00bb oder \u00abbilderweltliches Erkennen\u00bb bezeichneten Weg handelt es sich um ein lebenslang angewandtes Konzept von \u00abKunst als Prozess und Forschung\u00bb. Planggs Werk sticht in \u00e4sthetischer Qualit\u00e4t und werkimmanenter Koh\u00e4renz heraus und ist unbestritten einer der wichtigsten Beitr\u00e4ge zum Schweizerischen Kunstschaffen der&hellip; werke weiterlesen","og_url":"https:\/\/ursplangg.art\/?page_id=10","og_site_name":"urs plangg (1933-2019)","article_modified_time":"2022-02-02T17:52:31+00:00","og_image":[{"url":"https:\/\/ursplangg.art\/wp-content\/uploads\/2021\/07\/Barbara_Heritier_Urs_Plangg_Atelier_5524-1024x682.jpg","type":"","width":"","height":""}],"twitter_card":"summary_large_image","twitter_misc":{"Gesch\u00e4tzte Lesezeit":"1\u00a0Minute"},"schema":{"@context":"https:\/\/schema.org","@graph":[{"@type":"WebPage","@id":"https:\/\/ursplangg.art\/?page_id=10","url":"https:\/\/ursplangg.art\/?page_id=10","name":"werke - urs plangg (1933-2019)","isPartOf":{"@id":"https:\/\/ursplangg.art\/#website"},"primaryImageOfPage":{"@id":"https:\/\/ursplangg.art\/?page_id=10#primaryimage"},"image":{"@id":"https:\/\/ursplangg.art\/?page_id=10#primaryimage"},"thumbnailUrl":"https:\/\/ursplangg.art\/wp-content\/uploads\/2021\/07\/Barbara_Heritier_Urs_Plangg_Atelier_5524-1024x682.jpg","datePublished":"2020-08-30T10:51:59+00:00","dateModified":"2022-02-02T17:52:31+00:00","breadcrumb":{"@id":"https:\/\/ursplangg.art\/?page_id=10#breadcrumb"},"inLanguage":"de","potentialAction":[{"@type":"ReadAction","target":["https:\/\/ursplangg.art\/?page_id=10"]}]},{"@type":"ImageObject","inLanguage":"de","@id":"https:\/\/ursplangg.art\/?page_id=10#primaryimage","url":"https:\/\/ursplangg.art\/wp-content\/uploads\/2021\/07\/Barbara_Heritier_Urs_Plangg_Atelier_5524-1024x682.jpg","contentUrl":"https:\/\/ursplangg.art\/wp-content\/uploads\/2021\/07\/Barbara_Heritier_Urs_Plangg_Atelier_5524-1024x682.jpg"},{"@type":"BreadcrumbList","@id":"https:\/\/ursplangg.art\/?page_id=10#breadcrumb","itemListElement":[{"@type":"ListItem","position":1,"name":"Startseite","item":"https:\/\/ursplangg.art\/"},{"@type":"ListItem","position":2,"name":"werke"}]},{"@type":"WebSite","@id":"https:\/\/ursplangg.art\/#website","url":"https:\/\/ursplangg.art\/","name":"urs plangg (1933-2019)","description":"Urs Plangg Nachlass des Schweizer K\u00fcnstlers","publisher":{"@id":"https:\/\/ursplangg.art\/#\/schema\/person\/396c51b470c6e9c7c81fff07aa526560"},"potentialAction":[{"@type":"SearchAction","target":{"@type":"EntryPoint","urlTemplate":"https:\/\/ursplangg.art\/?s={search_term_string}"},"query-input":{"@type":"PropertyValueSpecification","valueRequired":true,"valueName":"search_term_string"}}],"inLanguage":"de"},{"@type":["Person","Organization"],"@id":"https:\/\/ursplangg.art\/#\/schema\/person\/396c51b470c6e9c7c81fff07aa526560","name":"Carol Ribi","image":{"@type":"ImageObject","inLanguage":"de","@id":"https:\/\/secure.gravatar.com\/avatar\/3a2bffd386e3cb1e1b800bf729fb52ad732c13858899cd9b4721800775d6516a?s=96&d=mm&r=g","url":"https:\/\/secure.gravatar.com\/avatar\/3a2bffd386e3cb1e1b800bf729fb52ad732c13858899cd9b4721800775d6516a?s=96&d=mm&r=g","contentUrl":"https:\/\/secure.gravatar.com\/avatar\/3a2bffd386e3cb1e1b800bf729fb52ad732c13858899cd9b4721800775d6516a?s=96&d=mm&r=g","caption":"Carol Ribi"},"logo":{"@id":"https:\/\/secure.gravatar.com\/avatar\/3a2bffd386e3cb1e1b800bf729fb52ad732c13858899cd9b4721800775d6516a?s=96&d=mm&r=g"},"description":"Urs Plangg (1933-2019)","sameAs":["https:\/\/urs-plangg.kleio.com\/profile","https:\/\/de.wikipedia.org\/wiki\/Urs_Plangg"]}]}},"_links":{"self":[{"href":"https:\/\/ursplangg.art\/index.php?rest_route=\/wp\/v2\/pages\/10","targetHints":{"allow":["GET"]}}],"collection":[{"href":"https:\/\/ursplangg.art\/index.php?rest_route=\/wp\/v2\/pages"}],"about":[{"href":"https:\/\/ursplangg.art\/index.php?rest_route=\/wp\/v2\/types\/page"}],"author":[{"embeddable":true,"href":"https:\/\/ursplangg.art\/index.php?rest_route=\/wp\/v2\/users\/3"}],"replies":[{"embeddable":true,"href":"https:\/\/ursplangg.art\/index.php?rest_route=%2Fwp%2Fv2%2Fcomments&post=10"}],"version-history":[{"count":31,"href":"https:\/\/ursplangg.art\/index.php?rest_route=\/wp\/v2\/pages\/10\/revisions"}],"predecessor-version":[{"id":337,"href":"https:\/\/ursplangg.art\/index.php?rest_route=\/wp\/v2\/pages\/10\/revisions\/337"}],"wp:attachment":[{"href":"https:\/\/ursplangg.art\/index.php?rest_route=%2Fwp%2Fv2%2Fmedia&parent=10"}],"curies":[{"name":"wp","href":"https:\/\/api.w.org\/{rel}","templated":true}]}}