{"id":99,"date":"2021-07-09T13:29:15","date_gmt":"2021-07-09T13:29:15","guid":{"rendered":"https:\/\/ursplangg.art\/?page_id=99"},"modified":"2022-03-06T11:42:13","modified_gmt":"2022-03-06T11:42:13","slug":"ausstellungen-urs-plangg-1933-2019","status":"publish","type":"page","link":"https:\/\/ursplangg.art\/?page_id=99","title":{"rendered":"ausstellungen"},"content":{"rendered":"\n<div class=\"wp-block-columns is-layout-flex wp-container-core-columns-is-layout-9d6595d7 wp-block-columns-is-layout-flex\">\n<div class=\"wp-block-column is-layout-flow wp-block-column-is-layout-flow\" style=\"flex-basis:100%\">\n<pre class=\"wp-block-verse\">1970 Ausstellung Galerie \u201eLa Fourmi\u00e8re\u201c, Z\u00fcrich, \nmit J\u00fcrg Plangg\n\n1973\u20131974 Ausstellung \u201eZ\u00fcrcher K\u00fcnstler\u201c, Ank\u00e4ufe Stadt Z\u00fcrich.\nEidg. Stipendium (1973), kantonale Stipendien Z\u00fcrich (1973\/74)\n\n1976 Ausstellung in der Galerie Commercio (Pia Peter), Z\u00fcrich,\nmit Irene Henke und Anita Coudenhove-Kalergi\n\n1977 Galerie Howeg in R\u00fcti mit Anita Coudenhove-Kalergi; Atelierausstellung Hornhalde 9 in Kilchberg (ZH) mit Lesung\n\n1979 Ausstellung Kulturm\u00fchle L\u00fctzelfl\u00fch (Rodia)\n\n1981 Strauhofausstellung in Z\u00fcrich mit Christian Frei\n\n1982 Ausstellung Gsambuka-Galerie in Bern mit Pierre Henry \n(Frankreich) und Michael Kane (Irland) mit Lesung\n\n1983\u20131985 Ausstellungen in der Galerie Agi Sch\u00f6nigh, Z\u00fcrich\n\n1987 Ausstellung im G\u00e4rtnerhaus Kilchberg, Z\u00fcrich\n\n1988 Teilnahme an der Ausstellung \u201eCopain Vincent\u201c, KunstmuseumOlten (Peter Killer), Ank\u00e4ufe des Seedamm Kulturzentrums \nPf\u00e4ffikon\/SZ\n\n1989 Ausstellung Galerie Nada Relic, Z\u00fcrich\n\n1990 Einzelausstellung Kunstmuseum Bern (H. C. von Tavel), \nAusstellungskatalog und Ank\u00e4ufe durch das Museum. \nAusstellung im Abbruchhaus an der Laupengasse 23, Bern\n\n1991 Ausstellungen im Abbruchhaus Schl\u00f6sslistrasse 1, Bern, \nKunsthalle Bern \u201eBerner K\u00fcnstler\u201c. Ankauf der Stadt Bern\n\n1994 Ausstellung Kunstraum Burgdorf (Toda Bechstein). Ausstellung aus Hauslosigkeit heraus realisiert mit Wanderatelier im Abbruchhaus Kornhausgasse 11, Burgdorf bis 2000\n\n1995\u20131996 Kunsthalle Bern \u201eBerner K\u00fcnstler\u201c\n\n1996 Ausstellung Galerie Rigassi, Bern, (Matthias Fischer) mit Martin Disler, Schang Hutter, Rolf Iseli, Bernhard Luginb\u00fchl, \nLeopold Schropp, Anselm Stalder u. a.\n\n1997 Installationen in der \u201eHalle Schafroth\u201c, Burgdorf\n\n2003 Einzelausstellung Kunstmuseum Winterthur (Dieter Schwarz), Ausstellungskatalog, Ank\u00e4ufe von Museum und Kanton ZH\n\n2004 Teilnahme an der internationalen 4. Kunstbienale \u201eAugust in Art\u201cin Varna, Bulgarien\n\n2006 Ausstellung \u201eWinterarbeit Urs Plangg: Kunst\u00fcbung: an other way of doing art\u201c, Galerie Scolio Finikia (Konrad Bertsch)\n\n2009 \u201eChoices\u201c, Galerie Rigassi in Bern mit Pole Lehmann, Kuratoren Maria und Hans Christoph von Tavel\n\n2011 Teilnahme an Jubil\u00e4umsausstellung Galerie Rigassi, Bern\n\n2013 Ausstellung \u201eSerge Stauffer: Kunst als Forschung\u201c, Helmhaus Z\u00fcrich. Ausstellung Plangg + Plangg + Plangg, Galerie AtelierWilli E. Christen, Z\u00fcrich\n\n2013 Ankauf von Bildern durch die Stadt Burgdorf\n\n2015 Ausstellung \u201eArbeit am Nachlass \u2013 Objekte und Bilder\u201c in der Werkstatt und in Zusatzr\u00e4umen, Dokumentation, Burgdorf\n\n2016 Ausstellung \u201eIconoclasme(s)\u201c im dAM, Espace de \nAndr\u00e9s-Missirlian und im Atelier Anne Blum, Romainm\u00f4tier. Ausstellung \u201eUrs Plangg: Bilderwelt forschen \u2013 Neue Wege zu Archetypen\u201c Galerie kunsthausrot (G\u00e4nsehaut Schwarz), K\u00f6niz (BE)\n\n2017 Ausstellung \u201eDes papillons aux cosmogrammes\u201c Galerie \nImpasse du Phoenix, Lausanne, mit Anne Blum\n\n2018 Ausstellung \u201eAll\u00e9gories\u201c Galerie Impasse du Phoenix, \nLausanne, mit Francois Pont\n<\/pre>\n<\/div>\n<\/div>\n","protected":false},"excerpt":{"rendered":"<p>1970 Ausstellung Galerie \u201eLa Fourmi\u00e8re\u201c, Z\u00fcrich, mit J\u00fcrg Plangg 1973\u20131974 Ausstellung \u201eZ\u00fcrcher K\u00fcnstler\u201c, Ank\u00e4ufe Stadt Z\u00fcrich. Eidg. Stipendium (1973), kantonale Stipendien Z\u00fcrich (1973\/74) 1976 Ausstellung in der Galerie Commercio (Pia Peter), Z\u00fcrich, mit Irene Henke und Anita Coudenhove-Kalergi 1977 Galerie Howeg in R\u00fcti mit Anita Coudenhove-Kalergi; Atelierausstellung Hornhalde 9 in Kilchberg (ZH) mit Lesung 1979&hellip; <a class=\"more-link\" href=\"https:\/\/ursplangg.art\/?page_id=99\"><span class=\"screen-reader-text\">ausstellungen<\/span> weiterlesen<\/a><\/p>\n","protected":false},"author":3,"featured_media":0,"parent":0,"menu_order":0,"comment_status":"closed","ping_status":"closed","template":"","meta":{"footnotes":""},"class_list":["post-99","page","type-page","status-publish","hentry","entry"],"yoast_head":"<!-- This site is optimized with the Yoast SEO plugin v28.3 - https:\/\/yoast.com\/product\/yoast-seo-wordpress\/ -->\n<title>ausstellungen - urs plangg (1933-2019)<\/title>\n<meta name=\"description\" content=\"Ausstellungen von Urs Plangg (1933-2017) zu Lebzeiten\" \/>\n<meta name=\"robots\" content=\"index, follow, max-snippet:-1, max-image-preview:large, max-video-preview:-1\" \/>\n<link rel=\"canonical\" href=\"https:\/\/ursplangg.art\/?page_id=99\" \/>\n<meta property=\"og:locale\" content=\"de_DE\" \/>\n<meta property=\"og:type\" content=\"article\" \/>\n<meta property=\"og:title\" content=\"ausstellungen - urs plangg (1933-2019)\" \/>\n<meta property=\"og:description\" content=\"Ausstellungen von Urs Plangg (1933-2017) zu Lebzeiten\" \/>\n<meta property=\"og:url\" content=\"https:\/\/ursplangg.art\/?page_id=99\" \/>\n<meta property=\"og:site_name\" content=\"urs plangg (1933-2019)\" \/>\n<meta property=\"article:modified_time\" content=\"2022-03-06T11:42:13+00:00\" \/>\n<meta property=\"og:image\" content=\"https:\/\/ursplangg.art\/wp-content\/uploads\/2022\/03\/Barbara_Heritier_Urs_Plangg_Atelier_7210-scaled.jpg\" \/>\n\t<meta property=\"og:image:width\" content=\"2560\" \/>\n\t<meta property=\"og:image:height\" content=\"1997\" \/>\n\t<meta property=\"og:image:type\" content=\"image\/jpeg\" \/>\n<meta name=\"twitter:card\" content=\"summary_large_image\" \/>\n<meta name=\"twitter:label1\" content=\"Gesch\u00e4tzte Lesezeit\" \/>\n\t<meta name=\"twitter:data1\" content=\"3\u00a0Minuten\" \/>\n<script type=\"application\/ld+json\" class=\"yoast-schema-graph\">{\"@context\":\"https:\\\/\\\/schema.org\",\"@graph\":[{\"@type\":\"WebPage\",\"@id\":\"https:\\\/\\\/ursplangg.art\\\/?page_id=99\",\"url\":\"https:\\\/\\\/ursplangg.art\\\/?page_id=99\",\"name\":\"ausstellungen - urs plangg (1933-2019)\",\"isPartOf\":{\"@id\":\"https:\\\/\\\/ursplangg.art\\\/#website\"},\"datePublished\":\"2021-07-09T13:29:15+00:00\",\"dateModified\":\"2022-03-06T11:42:13+00:00\",\"description\":\"Ausstellungen von Urs Plangg (1933-2017) zu Lebzeiten\",\"breadcrumb\":{\"@id\":\"https:\\\/\\\/ursplangg.art\\\/?page_id=99#breadcrumb\"},\"inLanguage\":\"de\",\"potentialAction\":[{\"@type\":\"ReadAction\",\"target\":[\"https:\\\/\\\/ursplangg.art\\\/?page_id=99\"]}]},{\"@type\":\"BreadcrumbList\",\"@id\":\"https:\\\/\\\/ursplangg.art\\\/?page_id=99#breadcrumb\",\"itemListElement\":[{\"@type\":\"ListItem\",\"position\":1,\"name\":\"Startseite\",\"item\":\"https:\\\/\\\/ursplangg.art\\\/\"},{\"@type\":\"ListItem\",\"position\":2,\"name\":\"ausstellungen\"}]},{\"@type\":\"WebSite\",\"@id\":\"https:\\\/\\\/ursplangg.art\\\/#website\",\"url\":\"https:\\\/\\\/ursplangg.art\\\/\",\"name\":\"urs plangg (1933-2019)\",\"description\":\"Urs Plangg Nachlass des Schweizer K\u00fcnstlers\",\"publisher\":{\"@id\":\"https:\\\/\\\/ursplangg.art\\\/#\\\/schema\\\/person\\\/396c51b470c6e9c7c81fff07aa526560\"},\"potentialAction\":[{\"@type\":\"SearchAction\",\"target\":{\"@type\":\"EntryPoint\",\"urlTemplate\":\"https:\\\/\\\/ursplangg.art\\\/?s={search_term_string}\"},\"query-input\":{\"@type\":\"PropertyValueSpecification\",\"valueRequired\":true,\"valueName\":\"search_term_string\"}}],\"inLanguage\":\"de\"},{\"@type\":[\"Person\",\"Organization\"],\"@id\":\"https:\\\/\\\/ursplangg.art\\\/#\\\/schema\\\/person\\\/396c51b470c6e9c7c81fff07aa526560\",\"name\":\"Carol Ribi\",\"image\":{\"@type\":\"ImageObject\",\"inLanguage\":\"de\",\"@id\":\"https:\\\/\\\/secure.gravatar.com\\\/avatar\\\/3a2bffd386e3cb1e1b800bf729fb52ad732c13858899cd9b4721800775d6516a?s=96&d=mm&r=g\",\"url\":\"https:\\\/\\\/secure.gravatar.com\\\/avatar\\\/3a2bffd386e3cb1e1b800bf729fb52ad732c13858899cd9b4721800775d6516a?s=96&d=mm&r=g\",\"contentUrl\":\"https:\\\/\\\/secure.gravatar.com\\\/avatar\\\/3a2bffd386e3cb1e1b800bf729fb52ad732c13858899cd9b4721800775d6516a?s=96&d=mm&r=g\",\"caption\":\"Carol Ribi\"},\"logo\":{\"@id\":\"https:\\\/\\\/secure.gravatar.com\\\/avatar\\\/3a2bffd386e3cb1e1b800bf729fb52ad732c13858899cd9b4721800775d6516a?s=96&d=mm&r=g\"},\"description\":\"Urs Plangg (1933-2019)\",\"sameAs\":[\"https:\\\/\\\/urs-plangg.kleio.com\\\/profile\",\"https:\\\/\\\/de.wikipedia.org\\\/wiki\\\/Urs_Plangg\"]}]}<\/script>\n<!-- \/ Yoast SEO plugin. -->","yoast_head_json":{"title":"ausstellungen - urs plangg (1933-2019)","description":"Ausstellungen von Urs Plangg (1933-2017) zu Lebzeiten","robots":{"index":"index","follow":"follow","max-snippet":"max-snippet:-1","max-image-preview":"max-image-preview:large","max-video-preview":"max-video-preview:-1"},"canonical":"https:\/\/ursplangg.art\/?page_id=99","og_locale":"de_DE","og_type":"article","og_title":"ausstellungen - urs plangg (1933-2019)","og_description":"Ausstellungen von Urs Plangg (1933-2017) zu Lebzeiten","og_url":"https:\/\/ursplangg.art\/?page_id=99","og_site_name":"urs plangg (1933-2019)","article_modified_time":"2022-03-06T11:42:13+00:00","og_image":[{"width":2560,"height":1997,"url":"https:\/\/ursplangg.art\/wp-content\/uploads\/2022\/03\/Barbara_Heritier_Urs_Plangg_Atelier_7210-scaled.jpg","type":"image\/jpeg"}],"twitter_card":"summary_large_image","twitter_misc":{"Gesch\u00e4tzte Lesezeit":"3\u00a0Minuten"},"schema":{"@context":"https:\/\/schema.org","@graph":[{"@type":"WebPage","@id":"https:\/\/ursplangg.art\/?page_id=99","url":"https:\/\/ursplangg.art\/?page_id=99","name":"ausstellungen - urs plangg (1933-2019)","isPartOf":{"@id":"https:\/\/ursplangg.art\/#website"},"datePublished":"2021-07-09T13:29:15+00:00","dateModified":"2022-03-06T11:42:13+00:00","description":"Ausstellungen von Urs Plangg (1933-2017) zu Lebzeiten","breadcrumb":{"@id":"https:\/\/ursplangg.art\/?page_id=99#breadcrumb"},"inLanguage":"de","potentialAction":[{"@type":"ReadAction","target":["https:\/\/ursplangg.art\/?page_id=99"]}]},{"@type":"BreadcrumbList","@id":"https:\/\/ursplangg.art\/?page_id=99#breadcrumb","itemListElement":[{"@type":"ListItem","position":1,"name":"Startseite","item":"https:\/\/ursplangg.art\/"},{"@type":"ListItem","position":2,"name":"ausstellungen"}]},{"@type":"WebSite","@id":"https:\/\/ursplangg.art\/#website","url":"https:\/\/ursplangg.art\/","name":"urs plangg (1933-2019)","description":"Urs Plangg Nachlass des Schweizer K\u00fcnstlers","publisher":{"@id":"https:\/\/ursplangg.art\/#\/schema\/person\/396c51b470c6e9c7c81fff07aa526560"},"potentialAction":[{"@type":"SearchAction","target":{"@type":"EntryPoint","urlTemplate":"https:\/\/ursplangg.art\/?s={search_term_string}"},"query-input":{"@type":"PropertyValueSpecification","valueRequired":true,"valueName":"search_term_string"}}],"inLanguage":"de"},{"@type":["Person","Organization"],"@id":"https:\/\/ursplangg.art\/#\/schema\/person\/396c51b470c6e9c7c81fff07aa526560","name":"Carol Ribi","image":{"@type":"ImageObject","inLanguage":"de","@id":"https:\/\/secure.gravatar.com\/avatar\/3a2bffd386e3cb1e1b800bf729fb52ad732c13858899cd9b4721800775d6516a?s=96&d=mm&r=g","url":"https:\/\/secure.gravatar.com\/avatar\/3a2bffd386e3cb1e1b800bf729fb52ad732c13858899cd9b4721800775d6516a?s=96&d=mm&r=g","contentUrl":"https:\/\/secure.gravatar.com\/avatar\/3a2bffd386e3cb1e1b800bf729fb52ad732c13858899cd9b4721800775d6516a?s=96&d=mm&r=g","caption":"Carol Ribi"},"logo":{"@id":"https:\/\/secure.gravatar.com\/avatar\/3a2bffd386e3cb1e1b800bf729fb52ad732c13858899cd9b4721800775d6516a?s=96&d=mm&r=g"},"description":"Urs Plangg (1933-2019)","sameAs":["https:\/\/urs-plangg.kleio.com\/profile","https:\/\/de.wikipedia.org\/wiki\/Urs_Plangg"]}]}},"_links":{"self":[{"href":"https:\/\/ursplangg.art\/index.php?rest_route=\/wp\/v2\/pages\/99","targetHints":{"allow":["GET"]}}],"collection":[{"href":"https:\/\/ursplangg.art\/index.php?rest_route=\/wp\/v2\/pages"}],"about":[{"href":"https:\/\/ursplangg.art\/index.php?rest_route=\/wp\/v2\/types\/page"}],"author":[{"embeddable":true,"href":"https:\/\/ursplangg.art\/index.php?rest_route=\/wp\/v2\/users\/3"}],"replies":[{"embeddable":true,"href":"https:\/\/ursplangg.art\/index.php?rest_route=%2Fwp%2Fv2%2Fcomments&post=99"}],"version-history":[{"count":29,"href":"https:\/\/ursplangg.art\/index.php?rest_route=\/wp\/v2\/pages\/99\/revisions"}],"predecessor-version":[{"id":309,"href":"https:\/\/ursplangg.art\/index.php?rest_route=\/wp\/v2\/pages\/99\/revisions\/309"}],"wp:attachment":[{"href":"https:\/\/ursplangg.art\/index.php?rest_route=%2Fwp%2Fv2%2Fmedia&parent=99"}],"curies":[{"name":"wp","href":"https:\/\/api.w.org\/{rel}","templated":true}]}}